{"id":2747,"date":"2022-01-31T21:49:03","date_gmt":"2022-01-31T20:49:03","guid":{"rendered":"https:\/\/lyon-geologie.univ-lyon1.fr\/?page_id=2747"},"modified":"2026-03-11T10:19:36","modified_gmt":"2026-03-11T09:19:36","slug":"inscription_l2st","status":"publish","type":"page","link":"https:\/\/lyongeologie.fr\/en\/admissions\/inscription_l2st\/","title":{"rendered":"Inscription_L2ST"},"content":{"rendered":"\t\t<div data-elementor-type=\"wp-page\" data-elementor-id=\"2747\" class=\"elementor elementor-2747\">\n\t\t\t\t\t\t<section class=\"elementor-section elementor-top-section elementor-element elementor-element-fe87404 elementor-section-boxed elementor-section-height-default elementor-section-height-default\" data-id=\"fe87404\" data-element_type=\"section\" data-e-type=\"section\">\n\t\t\t\t\t\t<div class=\"elementor-container elementor-column-gap-default\">\n\t\t\t\t\t<div class=\"elementor-column elementor-col-100 elementor-top-column elementor-element elementor-element-0cac2a8\" data-id=\"0cac2a8\" data-element_type=\"column\" data-e-type=\"column\">\n\t\t\t<div class=\"elementor-widget-wrap elementor-element-populated\">\n\t\t\t\t\t\t<div class=\"elementor-element elementor-element-efd3598 elementor-widget elementor-widget-heading\" data-id=\"efd3598\" data-element_type=\"widget\" data-e-type=\"widget\" data-widget_type=\"heading.default\">\n\t\t\t\t<div class=\"elementor-widget-container\">\n\t\t\t\t\t<h2 class=\"elementor-heading-title elementor-size-default\">Je souhaite m'inscrire en L2 ST<\/h2>\t\t\t\t<\/div>\n\t\t\t\t<\/div>\n\t\t\t\t\t<\/div>\n\t\t<\/div>\n\t\t\t\t\t<\/div>\n\t\t<\/section>\n\t\t\t\t<section class=\"elementor-section elementor-top-section elementor-element elementor-element-a51ef55 elementor-section-boxed elementor-section-height-default elementor-section-height-default\" data-id=\"a51ef55\" data-element_type=\"section\" data-e-type=\"section\">\n\t\t\t\t\t\t<div class=\"elementor-container elementor-column-gap-default\">\n\t\t\t\t\t<div class=\"elementor-column elementor-col-100 elementor-top-column elementor-element elementor-element-99cc45f\" data-id=\"99cc45f\" data-element_type=\"column\" data-e-type=\"column\">\n\t\t\t<div class=\"elementor-widget-wrap elementor-element-populated\">\n\t\t\t\t\t\t<div class=\"elementor-element elementor-element-093a2ec elementor-button-warning elementor-align-right elementor-widget elementor-widget-button\" data-id=\"093a2ec\" data-element_type=\"widget\" data-e-type=\"widget\" data-widget_type=\"button.default\">\n\t\t\t\t<div class=\"elementor-widget-container\">\n\t\t\t\t\t\t\t\t\t<div class=\"elementor-button-wrapper\">\n\t\t\t\t\t<a class=\"elementor-button elementor-button-link elementor-size-sm\" href=\"https:\/\/lyon-geologie.univ-lyon1.fr\/admissions\/\">\n\t\t\t\t\t\t<span class=\"elementor-button-content-wrapper\">\n\t\t\t\t\t\t\t\t\t<span class=\"elementor-button-text\">Retour \u00e0 la page pr\u00e9c\u00e9dente<\/span>\n\t\t\t\t\t<\/span>\n\t\t\t\t\t<\/a>\n\t\t\t\t<\/div>\n\t\t\t\t\t\t\t\t<\/div>\n\t\t\t\t<\/div>\n\t\t\t\t<div class=\"elementor-element elementor-element-c419f0c elementor-widget elementor-widget-accordion\" data-id=\"c419f0c\" data-element_type=\"widget\" data-e-type=\"widget\" data-widget_type=\"accordion.default\">\n\t\t\t\t<div class=\"elementor-widget-container\">\n\t\t\t\t\t\t\t<div class=\"elementor-accordion\">\n\t\t\t\t\t\t\t<div class=\"elementor-accordion-item\">\n\t\t\t\t\t<div id=\"elementor-tab-title-2051\" class=\"elementor-tab-title\" data-tab=\"1\" role=\"button\" aria-controls=\"elementor-tab-content-2051\" aria-expanded=\"false\">\n\t\t\t\t\t\t\t\t\t\t\t\t\t<span class=\"elementor-accordion-icon elementor-accordion-icon-left\" aria-hidden=\"true\">\n\t\t\t\t\t\t\t\t\t\t\t\t\t\t\t<span class=\"elementor-accordion-icon-closed\"><i class=\"fas fa-plus\"><\/i><\/span>\n\t\t\t\t\t\t\t\t<span class=\"elementor-accordion-icon-opened\"><i class=\"fas fa-minus\"><\/i><\/span>\n\t\t\t\t\t\t\t\t\t\t\t\t\t\t<\/span>\n\t\t\t\t\t\t\t\t\t\t\t\t<a class=\"elementor-accordion-title\" tabindex=\"0\">Je suis \u00e9tudiant en L1 SVT \u00e0 Lyon 1<\/a>\n\t\t\t\t\t<\/div>\n\t\t\t\t\t<div id=\"elementor-tab-content-2051\" class=\"elementor-tab-content elementor-clearfix\" data-tab=\"1\" role=\"region\" aria-labelledby=\"elementor-tab-title-2051\"><div>Si j&rsquo;ai valid\u00e9 60 ECTS en 1\u00e8re ann\u00e9e de Licence BG2S \u00e0 l&rsquo;UCBL, je suis admissible <i>de droit<\/i> en L2 Sciences de la Terre.<span style=\"text-decoration: underline;\"><strong><br \/><\/strong><\/span><\/div><div>\u00a0<\/div><div><span style=\"text-decoration: underline;\"><strong>MODALIT\u00c9S D&rsquo;INSCRIPTION <\/strong><\/span><\/div><ol><li style=\"list-style-type: none;\"><ol><li>J&rsquo;obtiens le <strong>num\u00e9ro d&rsquo;attestation<\/strong>\u00a0de paiement de la<strong>\u00a0CVEC (Contribution de la Vie \u00e9tudiante et de campus)<\/strong>\u00a0: www.messervices.etudiant.gouv.fr<\/li><li>Je proc\u00e8de \u00e0 mon <b>inscription administrative<\/b> \u00e0 l&rsquo;UCBL, en me connectant \u00e0 l\u2019adresse suivante :\u00a0<a href=\"https:\/\/www.univ-lyon1.fr\/formation\/inscription-et-scolarite\/sinscrire-suite-a-une-admission-via-ecandidat-niveau-detude-hors-licence-premiere-annee\" target=\"_blank\" rel=\"noopener\">IA WEB<\/a>\u00a0qui sera ouvert\u00a0<span style=\"color: #993366;\"><em><i style=\"color: #4b4f58; text-indent: -24px;\"><span style=\"font-size: 13pt; font-family: Roboto; color: #196b24;\">du 15 juillet au 04 septembre 2026 (fermeture administrative du 25\/07\/26 au 16\/08\/26)<\/span><\/i>\u00a0<\/em><\/span>. Aucune inscription ne sera accept\u00e9e pass\u00e9 ces d\u00e9lais. Je dois me munir de mes num\u00e9ros de s\u00e9curit\u00e9 sociale (INSEE), INE, de la CVEC (Contribution Vie Etudiante et Campus) acquitt\u00e9e ainsi que de ma carte de paiement en cours de validit\u00e9. En cas de difficult\u00e9 lors de mon inscription \u00e0 distance, une assistance t\u00e9l\u00e9phonique m&rsquo;est propos\u00e9e au 04-72-43-13-23.<\/li><li><b>\u00c0 partir du mois de JUIN<\/b>, je peux faire mes v\u0153ux pour le sport et l&rsquo;enseignement d&rsquo;ouverture <a href=\"http:\/\/transversales.univ-lyon1.fr\">sur le site des Transversales.<\/a><\/li><\/ol><\/li><\/ol><\/div>\n\t\t\t\t<\/div>\n\t\t\t\t\t\t\t<div class=\"elementor-accordion-item\">\n\t\t\t\t\t<div id=\"elementor-tab-title-2052\" class=\"elementor-tab-title\" data-tab=\"2\" role=\"button\" aria-controls=\"elementor-tab-content-2052\" aria-expanded=\"false\">\n\t\t\t\t\t\t\t\t\t\t\t\t\t<span class=\"elementor-accordion-icon elementor-accordion-icon-left\" aria-hidden=\"true\">\n\t\t\t\t\t\t\t\t\t\t\t\t\t\t\t<span class=\"elementor-accordion-icon-closed\"><i class=\"fas fa-plus\"><\/i><\/span>\n\t\t\t\t\t\t\t\t<span class=\"elementor-accordion-icon-opened\"><i class=\"fas fa-minus\"><\/i><\/span>\n\t\t\t\t\t\t\t\t\t\t\t\t\t\t<\/span>\n\t\t\t\t\t\t\t\t\t\t\t\t<a class=\"elementor-accordion-title\" tabindex=\"0\">J'ai valid\u00e9 60 ECTS dans un autre portail ou une autre universit\u00e9 \/ je suis titulaire d'un BTS ou d'un DUT \/ J'ai fait une ann\u00e9e de classe pr\u00e9paratoire<\/a>\n\t\t\t\t\t<\/div>\n\t\t\t\t\t<div id=\"elementor-tab-content-2052\" class=\"elementor-tab-content elementor-clearfix\" data-tab=\"2\" role=\"region\" aria-labelledby=\"elementor-tab-title-2052\"><p><strong><span style=\"text-decoration: underline;\">MODALIT\u00c9S DE CANDIDATURE<\/span> : <\/strong><\/p>\n<p>Je d\u00e9pose une candidature \u00e0 Lyon1 (UCB) sur l&rsquo;application <a href=\"https:\/\/ecandidat.univ-lyon1.fr\/\">eCandidat<\/a>. <b>Ouverture du site<\/b>&nbsp;<i style=\"font-weight: inherit;\"><span style=\"color: #4ea72e; mso-themecolor: accent6;\">du 11 mai au 22 juin 2026<\/span><\/i><span style=\"font-style: inherit; font-weight: inherit;\">. La commission d&rsquo;admission se r\u00e9unira le <\/span><i style=\"font-weight: inherit; font-size: 1rem;\"><span style=\"color: #4ea72e;\">2 juillet 2026<\/span><\/i><span style=\"font-style: inherit; font-weight: inherit;\">. La d\u00e9cision d&rsquo;admission sera notifi\u00e9e sur eCandidat le <\/span><i style=\"font-size: 1rem; font-weight: inherit;\"><span style=\"color: #4ea72e;\">3 juillet 2026<\/span><\/i><span style=\"font-style: inherit; font-weight: inherit;\">.<\/span><\/p>\n<p><strong><span style=\"text-decoration: underline;\">MODALIT\u00c9S D&rsquo;INSCRIPTION<\/span> : <\/strong><\/p>\n<p>Si ma candidature est accept\u00e9e, je devrai:<\/p>\n<ol>\n<li><b>Confirmer ma candidature sur eCandidat<\/b><b>&nbsp;jusqu&rsquo;au<\/b><span style=\"color: #993366;\"><em><b>&nbsp;<i style=\"color: #4b4f58; font-weight: inherit;\"><span style=\"color: #4ea72e;\">19 juillet 2026<\/span><\/i><\/b><\/em><\/span>.<\/li>\n<li>J&rsquo;obtiens le <strong>num\u00e9ro d&rsquo;attestation<\/strong>&nbsp;de paiement de la<strong>&nbsp;CVEC (Contribution de la Vie \u00e9tudiante et de campus)<\/strong>&nbsp;: www.messervices.etudiant.gouv.fr<\/li>\n<li>Je proc\u00e8de \u00e0 mon <b>inscription administrative<\/b> \u00e0 l&rsquo;UCBL, en me connectant \u00e0 l\u2019adresse suivante :&nbsp;<a href=\"https:\/\/www.univ-lyon1.fr\/formation\/inscription-et-scolarite\/sinscrire-suite-a-une-admission-via-ecandidat-niveau-detude-hors-licence-premiere-annee\" target=\"_blank\" rel=\"noopener\">IA WEB<\/a>&nbsp;qui sera ouvert&nbsp;<i style=\"text-indent: -24px;\"><span style=\"font-size: 13pt; font-family: Roboto; color: #196b24;\">du 06 juillet au 04 septembre 2026 (fermeture administrative du 25\/07\/26 au 16\/08\/26)<\/span><\/i>. Aucune inscription ne sera accept\u00e9e passer ces d\u00e9lais. Je dois me munir de mes num\u00e9ros de s\u00e9curit\u00e9 sociale (INSEE), INE, de la CVEC (Contribution Vie Etudiante et Campus) acquitt\u00e9e ainsi que de ma carte de paiement en cours de validit\u00e9. En cas de difficult\u00e9 lors de mon inscription \u00e0 distance, une assistance t\u00e9l\u00e9phonique m&rsquo;est propos\u00e9e au 04-72-43-13-23.<\/li>\n<li><b>\u00c0 partir du mois de JUIN<\/b>, je peux faire mes v\u0153ux pour le sport et l&rsquo;enseignement d&rsquo;ouverture <a href=\"http:\/\/transversales.univ-lyon1.fr\">sur le site des Transversales.<\/a><\/li>\n<\/ol>\n<p>Toutes les infos sur les inscriptions:&nbsp;<a href=\"http:\/\/www.univ-lyon1.fr\/formation\/inscription-et-scolarite\/\">http:\/\/www.univ-lyon1.fr\/formation\/inscription-et-scolarite\/<\/a><\/p>\n<p style=\"margin-bottom: 0cm; line-height: normal; background-image: initial; background-position: initial; background-size: initial; background-repeat: initial; background-attachment: initial; background-origin: initial; background-clip: initial;\"><b><u><span style=\"font-size: 13pt; font-family: Roboto;\">2D CAMPAGNE DE CANDIDATURE<\/span><\/u><\/b><span style=\"font-size: 13pt; font-family: Roboto;\">&nbsp;:&nbsp;<\/span><\/p>\n<p style=\"margin-bottom: 0cm; line-height: normal; background-image: initial; background-position: initial; background-size: initial; background-repeat: initial; background-attachment: initial; background-origin: initial; background-clip: initial;\"><span style=\"font-size: 13pt; font-family: Roboto;\">&nbsp;<\/span><\/p>\n<p style=\"margin-bottom: 0cm; line-height: normal; background-image: initial; background-position: initial; background-size: initial; background-repeat: initial; background-attachment: initial; background-origin: initial; background-clip: initial;\"><i><span style=\"font-size: 13.0pt; font-family: Roboto; mso-fareast-font-family: 'Times New Roman'; mso-bidi-font-family: 'Times New Roman'; color: #196b24; mso-themecolor: accent3; mso-font-kerning: 0pt; mso-ligatures: none; mso-fareast-language: FR;\">du 07 juillet au 27 ao\u00fbt 2026<\/span><\/i><span style=\"font-size: 13pt; font-family: Roboto;\">.&nbsp;<\/span><span style=\"font-size: 13pt; font-family: Arial, sans-serif;\">La commission d&rsquo;admission \u00e9tudiera et transmettra les avis au fil de l&rsquo;eau sur eCandidat. La d\u00e9cision pourra \u00eatre notifi\u00e9e au plus tard le <\/span><i><span style=\"font-size: 13.0pt; font-family: 'Arial',sans-serif; mso-fareast-font-family: 'Times New Roman'; color: #196b24; mso-themecolor: accent3; mso-font-kerning: 0pt; mso-ligatures: none; mso-fareast-language: FR;\">28 ao\u00fbt 2026<\/span><\/i><span style=\"font-size: 13pt; font-family: Arial, sans-serif;\">.<\/span><\/p>\n<p style=\"margin-bottom: 0cm; line-height: normal; background-image: initial; background-position: initial; background-size: initial; background-repeat: initial; background-attachment: initial; background-origin: initial; background-clip: initial;\"><span style=\"font-size: 13pt; font-family: Roboto;\">&nbsp;<\/span><\/p>\n<p style=\"margin-bottom: 0cm; line-height: normal; background-image: initial; background-position: initial; background-size: initial; background-repeat: initial; background-attachment: initial; background-origin: initial; background-clip: initial;\"><b><span style=\"font-size: 13pt; font-family: Arial, sans-serif;\">Les modalit\u00e9s d&rsquo;inscription sont identiques \u00e0 la 1\u00e8re session :<\/span><\/b><\/p>\n<p style=\"margin: 0cm 0cm 0cm 51pt; text-indent: -18pt; line-height: normal; background-image: initial; background-position: initial; background-size: initial; background-repeat: initial; background-attachment: initial; background-origin: initial; background-clip: initial;\"><!-- [if !supportLists]--><span style=\"font-size: 13pt; font-family: Roboto;\">1.<span style=\"font-variant-numeric: normal; font-variant-east-asian: normal; font-variant-alternates: normal; font-kerning: auto; font-optical-sizing: auto; font-feature-settings: normal; font-variation-settings: normal; font-variant-position: normal; font-stretch: normal; font-size: 7pt; line-height: normal; font-family: 'Times New Roman';\">&nbsp;&nbsp;&nbsp;&nbsp; <\/span><\/span><!--[endif]--><b><span style=\"font-size: 13pt; font-family: Roboto;\">Confirmer ma candidature sur eCandidat&nbsp;au plus tard le&nbsp;<\/span><\/b><b><i><span style=\"font-size: 13.0pt; font-family: Roboto; mso-fareast-font-family: 'Times New Roman'; mso-bidi-font-family: 'Times New Roman'; color: #196b24; mso-themecolor: accent3; mso-font-kerning: 0pt; mso-ligatures: none; mso-fareast-language: FR;\">31 ao\u00fbt 2026<\/span><\/i><\/b><span style=\"font-size: 13pt; font-family: Roboto;\">.<\/span><\/p>\n<p style=\"margin: 0cm 0cm 0cm 51pt; text-indent: -18pt; line-height: normal; background-image: initial; background-position: initial; background-size: initial; background-repeat: initial; background-attachment: initial; background-origin: initial; background-clip: initial;\"><!-- [if !supportLists]--><span style=\"font-size: 13pt; font-family: Roboto;\">2.<span style=\"font-variant-numeric: normal; font-variant-east-asian: normal; font-variant-alternates: normal; font-kerning: auto; font-optical-sizing: auto; font-feature-settings: normal; font-variation-settings: normal; font-variant-position: normal; font-stretch: normal; font-size: 7pt; line-height: normal; font-family: 'Times New Roman';\">&nbsp;&nbsp;&nbsp;&nbsp; <\/span><\/span><!--[endif]--><span style=\"font-size: 13pt; font-family: Roboto;\">J&rsquo;obtiens le&nbsp;<b>num\u00e9ro d&rsquo;attestation<\/b>&nbsp;de paiement de la<b>&nbsp;CVEC (Contribution de la Vie \u00e9tudiante et de campus)<\/b>&nbsp;: www.messervices.etudiant.gouv.fr<\/span><\/p>\n<p style=\"margin: 0cm 0cm 0cm 51pt; text-indent: -18pt; line-height: normal; background-image: initial; background-position: initial; background-size: initial; background-repeat: initial; background-attachment: initial; background-origin: initial; background-clip: initial;\"><!-- [if !supportLists]--><span style=\"font-size: 13pt; font-family: Roboto;\">3.<span style=\"font-variant-numeric: normal; font-variant-east-asian: normal; font-variant-alternates: normal; font-kerning: auto; font-optical-sizing: auto; font-feature-settings: normal; font-variation-settings: normal; font-variant-position: normal; font-stretch: normal; font-size: 7pt; line-height: normal; font-family: 'Times New Roman';\">&nbsp;&nbsp;&nbsp;&nbsp; <\/span><\/span><!--[endif]--><span style=\"font-size: 13pt; font-family: Roboto;\">Je proc\u00e8de \u00e0 mon&nbsp;<b>inscription administrative<\/b>&nbsp;\u00e0 l&rsquo;UCBL, en me connectant \u00e0 l\u2019adresse suivante :&nbsp;<a href=\"https:\/\/www.univ-lyon1.fr\/formation\/inscription-et-scolarite\/sinscrire-suite-a-une-admission-via-ecandidat-niveau-detude-hors-licence-premiere-annee\" target=\"_blank\" rel=\"noopener\">IA WEB<\/a>&nbsp;qui sera ouvert&nbsp;<\/span><i><span style=\"font-size: 13.0pt; font-family: Roboto; mso-fareast-font-family: 'Times New Roman'; mso-bidi-font-family: 'Times New Roman'; color: #196b24; mso-themecolor: accent3; mso-font-kerning: 0pt; mso-ligatures: none; mso-fareast-language: FR;\">du 06 juillet au 04 septembre 2026 (fermeture administrative du 25\/07\/26 au 16\/08\/26)<\/span><\/i><span style=\"font-size: 13pt; font-family: Roboto;\">. Aucune inscription ne sera accept\u00e9e passer ces d\u00e9lais. Je dois me munir de mes num\u00e9ros de s\u00e9curit\u00e9 sociale (INSEE), INE, de la CVEC (Contribution Vie Etudiante et Campus) acquitt\u00e9e ainsi que de ma carte de paiement en cours de validit\u00e9. En cas de difficult\u00e9 lors de mon inscription \u00e0 distance, une assistance t\u00e9l\u00e9phonique m&rsquo;est propos\u00e9e au 04-72-43-13-23.<\/span><\/p><\/div>\n\t\t\t\t<\/div>\n\t\t\t\t\t\t\t<div class=\"elementor-accordion-item\">\n\t\t\t\t\t<div id=\"elementor-tab-title-2053\" class=\"elementor-tab-title\" data-tab=\"3\" role=\"button\" aria-controls=\"elementor-tab-content-2053\" aria-expanded=\"false\">\n\t\t\t\t\t\t\t\t\t\t\t\t\t<span class=\"elementor-accordion-icon elementor-accordion-icon-left\" aria-hidden=\"true\">\n\t\t\t\t\t\t\t\t\t\t\t\t\t\t\t<span class=\"elementor-accordion-icon-closed\"><i class=\"fas fa-plus\"><\/i><\/span>\n\t\t\t\t\t\t\t\t<span class=\"elementor-accordion-icon-opened\"><i class=\"fas fa-minus\"><\/i><\/span>\n\t\t\t\t\t\t\t\t\t\t\t\t\t\t<\/span>\n\t\t\t\t\t\t\t\t\t\t\t\t<a class=\"elementor-accordion-title\" tabindex=\"0\">Rentr\u00e9e p\u00e9dagogique<\/a>\n\t\t\t\t\t<\/div>\n\t\t\t\t\t<div id=\"elementor-tab-content-2053\" class=\"elementor-tab-content elementor-clearfix\" data-tab=\"3\" role=\"region\" aria-labelledby=\"elementor-tab-title-2053\"><p>D\u00e9but des cours : 05\/09\/2025, b\u00e2t Darwin D &#8211; salle D80<\/p><p>R\u00e9union de rentr\u00e9e L2 ST\u00a0: <span style=\"color: #99cc00;\">08\/09\/2025 14h, salle Fontannes Darwin D<\/span><\/p><p>Conf\u00e9rences OSU : <span style=\"color: #99cc00;\">08\/09\/2025 9h-12h, salle Fontannes Darwin D<\/span><\/p><\/div>\n\t\t\t\t<\/div>\n\t\t\t\t\t\t\t\t<\/div>\n\t\t\t\t\t\t<\/div>\n\t\t\t\t<\/div>\n\t\t\t\t<div class=\"elementor-element elementor-element-eec0c34 elementor-widget elementor-widget-html\" data-id=\"eec0c34\" data-element_type=\"widget\" data-e-type=\"widget\" data-widget_type=\"html.default\">\n\t\t\t\t<div class=\"elementor-widget-container\">\n\t\t\t\t\t<script> \njQuery(document).ready(function($) { \nvar delay = 100; setTimeout(function() { \n$('.elementor-tab-title').removeClass('elementor-active');\n $('.elementor-tab-content').css('display', 'none'); }, delay); \n}); \n<\/script>\t\t\t\t<\/div>\n\t\t\t\t<\/div>\n\t\t\t\t\t<\/div>\n\t\t<\/div>\n\t\t\t\t\t<\/div>\n\t\t<\/section>\n\t\t\t\t<section class=\"elementor-section elementor-top-section elementor-element elementor-element-8d6529e elementor-section-boxed elementor-section-height-default elementor-section-height-default\" data-id=\"8d6529e\" data-element_type=\"section\" data-e-type=\"section\">\n\t\t\t\t\t\t<div class=\"elementor-container elementor-column-gap-default\">\n\t\t\t\t\t<div class=\"elementor-column elementor-col-100 elementor-top-column elementor-element elementor-element-6b9d937\" data-id=\"6b9d937\" data-element_type=\"column\" data-e-type=\"column\">\n\t\t\t<div class=\"elementor-widget-wrap elementor-element-populated\">\n\t\t\t\t\t\t<div class=\"elementor-element elementor-element-e618dc5 elementor-widget elementor-widget-text-editor\" data-id=\"e618dc5\" data-element_type=\"widget\" data-e-type=\"widget\" data-widget_type=\"text-editor.default\">\n\t\t\t\t<div class=\"elementor-widget-container\">\n\t\t\t\t\t\t\t\t\t<p style=\"text-align: center;\"><b>&nbsp;<\/b><\/p>\n<p style=\"text-align: center;\"><b>Pour tout renseignement compl\u00e9mentaire<\/b>,<\/p>\n<p style=\"text-align: center;\">je contacte la scolarit\u00e9 de l&rsquo;observatoire :<\/p>\n<p style=\"text-align: center;\"><b style=\"font-style: inherit; background-color: var( --e-global-color-astglobalcolor4 ); font-family: var( --e-global-typography-text-font-family ), Sans-serif; color: var(--ast-global-color-3);\">UCBL<\/b><span style=\"font-style: inherit; font-weight: inherit; background-color: var( --e-global-color-astglobalcolor4 ); font-family: var( --e-global-typography-text-font-family ), Sans-serif; color: var(--ast-global-color-3);\"> (<\/span><a href=\"mailto:oriane.marduel@univ-lyon1.fr\" style=\"font-style: inherit; font-weight: inherit; font-family: var( --e-global-typography-text-font-family ), Sans-serif;\">Mme Oriane Marduel<\/a><span style=\"font-style: inherit; font-weight: inherit; background-color: var( --e-global-color-astglobalcolor4 ); font-family: var( --e-global-typography-text-font-family ), Sans-serif; color: var(--ast-global-color-3);\">) : +33 04 72 44 84 85<\/span><br><\/p>\n<p style=\"text-align: center;\">\n<\/p>\t\t\t\t\t\t\t\t<\/div>\n\t\t\t\t<\/div>\n\t\t\t\t\t<\/div>\n\t\t<\/div>\n\t\t\t\t\t<\/div>\n\t\t<\/section>\n\t\t\t\t<\/div>\n\t\t","protected":false},"excerpt":{"rendered":"<p>Je souhaite m&rsquo;inscrire en L2 ST Retour \u00e0 la page pr\u00e9c\u00e9dente Je suis \u00e9tudiant en L1 SVT \u00e0 Lyon 1 Si j&rsquo;ai valid\u00e9 60 ECTS en 1\u00e8re ann\u00e9e de Licence BG2S \u00e0 l&rsquo;UCBL, je suis admissible de droit en L2 Sciences de la Terre.\u00a0MODALIT\u00c9S D&rsquo;INSCRIPTION J&rsquo;obtiens le num\u00e9ro d&rsquo;attestation\u00a0de paiement de la\u00a0CVEC (Contribution de la [&hellip;]<\/p>\n","protected":false},"author":5,"featured_media":0,"parent":31,"menu_order":0,"comment_status":"closed","ping_status":"closed","template":"","meta":{"site-sidebar-layout":"no-sidebar","site-content-layout":"page-builder","ast-site-content-layout":"default","site-content-style":"default","site-sidebar-style":"default","ast-global-header-display":"","ast-banner-title-visibility":"","ast-main-header-display":"","ast-hfb-above-header-display":"","ast-hfb-below-header-display":"","ast-hfb-mobile-header-display":"","site-post-title":"disabled","ast-breadcrumbs-content":"","ast-featured-img":"disabled","footer-sml-layout":"","ast-disable-related-posts":"","theme-transparent-header-meta":"","adv-header-id-meta":"","stick-header-meta":"","header-above-stick-meta":"","header-main-stick-meta":"","header-below-stick-meta":"","astra-migrate-meta-layouts":"default","ast-page-background-enabled":"default","ast-page-background-meta":{"desktop":{"background-color":"var(--ast-global-color-4)","background-image":"","background-repeat":"repeat","background-position":"center center","background-size":"auto","background-attachment":"scroll","background-type":"","background-media":"","overlay-type":"","overlay-color":"","overlay-opacity":"","overlay-gradient":""},"tablet":{"background-color":"","background-image":"","background-repeat":"repeat","background-position":"center center","background-size":"auto","background-attachment":"scroll","background-type":"","background-media":"","overlay-type":"","overlay-color":"","overlay-opacity":"","overlay-gradient":""},"mobile":{"background-color":"","background-image":"","background-repeat":"repeat","background-position":"center center","background-size":"auto","background-attachment":"scroll","background-type":"","background-media":"","overlay-type":"","overlay-color":"","overlay-opacity":"","overlay-gradient":""}},"ast-content-background-meta":{"desktop":{"background-color":"var(--ast-global-color-5)","background-image":"","background-repeat":"repeat","background-position":"center center","background-size":"auto","background-attachment":"scroll","background-type":"","background-media":"","overlay-type":"","overlay-color":"","overlay-opacity":"","overlay-gradient":""},"tablet":{"background-color":"var(--ast-global-color-5)","background-image":"","background-repeat":"repeat","background-position":"center center","background-size":"auto","background-attachment":"scroll","background-type":"","background-media":"","overlay-type":"","overlay-color":"","overlay-opacity":"","overlay-gradient":""},"mobile":{"background-color":"var(--ast-global-color-5)","background-image":"","background-repeat":"repeat","background-position":"center center","background-size":"auto","background-attachment":"scroll","background-type":"","background-media":"","overlay-type":"","overlay-color":"","overlay-opacity":"","overlay-gradient":""}},"footnotes":""},"class_list":["post-2747","page","type-page","status-publish","hentry"],"_links":{"self":[{"href":"https:\/\/lyongeologie.fr\/en\/wp-json\/wp\/v2\/pages\/2747","targetHints":{"allow":["GET"]}}],"collection":[{"href":"https:\/\/lyongeologie.fr\/en\/wp-json\/wp\/v2\/pages"}],"about":[{"href":"https:\/\/lyongeologie.fr\/en\/wp-json\/wp\/v2\/types\/page"}],"author":[{"embeddable":true,"href":"https:\/\/lyongeologie.fr\/en\/wp-json\/wp\/v2\/users\/5"}],"replies":[{"embeddable":true,"href":"https:\/\/lyongeologie.fr\/en\/wp-json\/wp\/v2\/comments?post=2747"}],"version-history":[{"count":109,"href":"https:\/\/lyongeologie.fr\/en\/wp-json\/wp\/v2\/pages\/2747\/revisions"}],"predecessor-version":[{"id":19251,"href":"https:\/\/lyongeologie.fr\/en\/wp-json\/wp\/v2\/pages\/2747\/revisions\/19251"}],"up":[{"embeddable":true,"href":"https:\/\/lyongeologie.fr\/en\/wp-json\/wp\/v2\/pages\/31"}],"wp:attachment":[{"href":"https:\/\/lyongeologie.fr\/en\/wp-json\/wp\/v2\/media?parent=2747"}],"curies":[{"name":"wp","href":"https:\/\/api.w.org\/{rel}","templated":true}]}}